{"id":6336,"date":"2023-12-04T09:47:05","date_gmt":"2023-12-04T08:47:05","guid":{"rendered":"https:\/\/www.moritzbastei-ev.org\/wordpress\/event\/kinder-weihnachtsmaerchen-theater-von-einem-der-auszog-das-fuerchten-zu-lernen\/"},"modified":"2023-12-17T10:25:29","modified_gmt":"2023-12-17T09:25:29","slug":"kinder-weihnachtsmaerchen-theater-von-einem-der-auszog-das-fuerchten-zu-lernen","status":"publish","type":"tribe_events","link":"https:\/\/www.moritzbastei-ev.org\/wordpress\/event\/kinder-weihnachtsmaerchen-theater-von-einem-der-auszog-das-fuerchten-zu-lernen\/","title":{"rendered":"Kinder-Weihnachtsm\u00e4rchen-Theater: Von einem, der auszog, das f\u00fcrchten zu lernen."},"content":{"rendered":"<p>Traditionell l\u00e4dt der Moritzbastei e.V. jedes Jahr am Sonntag vor Heiligabend alle Kinder zur m\u00e4rchenhaften Kinderweihnacht ein!<\/p>\n<p>Dieses Jahr spielt das Team &amp; seine Freunde f\u00fcr euch \u201eVon einem, der auszog, das f\u00fcrchten zu lernen.&#8220; Wie immer einmal quer durch die zauberhaften, geheimnisvollen Gew\u00f6lbe der Moritzbastei und nat\u00fcrlich mit Basteln, R\u00e4tseln, Mitmachen und Klamauk! Lasst euch \u00fcberraschen!<\/p>\n<p>Zum M\u00e4rchen: &#8222;Ein Vater hat zwei S\u00f6hne, einen \u00e4lteren t\u00fcchtigen und einen j\u00fcngeren einf\u00e4ltigen. Der J\u00fcngere versteht nicht, warum sein Bruder und andere immer wieder davon sprechen, dass sie etwas \u201egruselt\u201c. Als der Vater den j\u00fcngeren Sohn eines Tages auffordert, einen Broterwerb zu erlernen, schl\u00e4gt er also vor, das &#8222;Gruseln&#8220; lernen zu wollen.&#8220; &#8230; Begleitet unseren J\u00fcngling auf seiner wilden Reise und lernt mit ihm euch mal richtig zu Gruseln &#8211; oder eben auch nicht \ud83d\ude42<\/p>\n<p>Nach dem Weihnachtsm\u00e4rchenzauber kommt der Weihnachtsmann vorbei und h\u00f6rt sich Eure Darbietungen an.<\/p>\n<p>F\u00fcr Kinder und Junggebliebene,<br \/>\nEintritt frei.<\/p>\n<p>Freut euch am 17. Dezember auf einen Nachmittag mit uns. Wir freuen uns jedenfalls schon sehr auf euch!<\/p>\n<p>Einlass: ab 14:00<br \/>\nBeginn: 14:30<br \/>\nDauer ca. 90 Minuten<br \/>\nwww.moritzbastei-ev.org<\/p>\n<p>Quelle Text: https:\/\/de.wikipedia.org\/wiki\/M\u00e4rchen_von_einem,_der_auszog_das_F\u00fcrchten_zu_lernen<\/p>\n<p>Bild, gemeinfrei: Otto Ubbelohde<\/p>\n","protected":false},"excerpt":{"rendered":"<p>Traditionell l\u00e4dt der Moritzbastei e.V. jedes Jahr am Sonntag vor Heiligabend alle Kinder zur m\u00e4rchenhaften Kinderweihnacht ein! Dieses Jahr spielt das Team &amp; seine Freunde f\u00fcr euch \u201eVon einem, der [&hellip;]<\/p>\n","protected":false},"author":1,"featured_media":6337,"comment_status":"closed","ping_status":"closed","template":"","meta":{"jetpack_post_was_ever_published":false,"_tribe_events_status":"","_tribe_events_status_reason":"","footnotes":""},"tags":[35,37,36],"tribe_events_cat":[21],"class_list":["post-6336","tribe_events","type-tribe_events","status-publish","has-post-thumbnail","hentry","tag-konzert","tag-moritzkonzert","tag-moritzliest","tribe_events_cat-mbevoeffentlich","cat_mbevoeffentlich"],"jetpack_sharing_enabled":true,"_links":{"self":[{"href":"https:\/\/www.moritzbastei-ev.org\/wordpress\/wp-json\/wp\/v2\/tribe_events\/6336","targetHints":{"allow":["GET"]}}],"collection":[{"href":"https:\/\/www.moritzbastei-ev.org\/wordpress\/wp-json\/wp\/v2\/tribe_events"}],"about":[{"href":"https:\/\/www.moritzbastei-ev.org\/wordpress\/wp-json\/wp\/v2\/types\/tribe_events"}],"author":[{"embeddable":true,"href":"https:\/\/www.moritzbastei-ev.org\/wordpress\/wp-json\/wp\/v2\/users\/1"}],"replies":[{"embeddable":true,"href":"https:\/\/www.moritzbastei-ev.org\/wordpress\/wp-json\/wp\/v2\/comments?post=6336"}],"version-history":[{"count":1,"href":"https:\/\/www.moritzbastei-ev.org\/wordpress\/wp-json\/wp\/v2\/tribe_events\/6336\/revisions"}],"predecessor-version":[{"id":6339,"href":"https:\/\/www.moritzbastei-ev.org\/wordpress\/wp-json\/wp\/v2\/tribe_events\/6336\/revisions\/6339"}],"wp:featuredmedia":[{"embeddable":true,"href":"https:\/\/www.moritzbastei-ev.org\/wordpress\/wp-json\/wp\/v2\/media\/6337"}],"wp:attachment":[{"href":"https:\/\/www.moritzbastei-ev.org\/wordpress\/wp-json\/wp\/v2\/media?parent=6336"}],"wp:term":[{"taxonomy":"post_tag","embeddable":true,"href":"https:\/\/www.moritzbastei-ev.org\/wordpress\/wp-json\/wp\/v2\/tags?post=6336"},{"taxonomy":"tribe_events_cat","embeddable":true,"href":"https:\/\/www.moritzbastei-ev.org\/wordpress\/wp-json\/wp\/v2\/tribe_events_cat?post=6336"}],"curies":[{"name":"wp","href":"https:\/\/api.w.org\/{rel}","templated":true}]}}