{"id":4886,"date":"2018-10-08T11:48:41","date_gmt":"2018-10-08T09:48:41","guid":{"rendered":"https:\/\/www.moritzbastei-ev.org\/wordpress\/?post_type=tribe_events&#038;p=4886"},"modified":"2018-10-09T16:47:19","modified_gmt":"2018-10-09T14:47:19","slug":"moritzkino-spezial-du-und-ich-leben-mit-fruehem-alzheimer-film-mit-anschl-gespraech","status":"publish","type":"tribe_events","link":"https:\/\/www.moritzbastei-ev.org\/wordpress\/event\/moritzkino-spezial-du-und-ich-leben-mit-fruehem-alzheimer-film-mit-anschl-gespraech\/","title":{"rendered":"MoritzKino Spezial: &#8222;Du und ich &#8211; Leben mit fr\u00fchem Alzheimer&#8220; (Film mit anschl. Gespr\u00e4ch)"},"content":{"rendered":"<p>\u201eDu und ich \u2013 Leben mit fr\u00fchem Alzheimer\u201c (von Sieghard Liebe)<\/p>\n<p>Im bundesweiten Wettbewerb \u201cVideo der Generationen 2007\u201c konnte Sieghard Liebe mit diesem Film die Jury \u00fcberzeugen: Er belegte Platz 1. Im Mittelpunkt steht seine Frau, die mit 52 Jahren pl\u00f6tzlich an Alzheimer erkrankte. Dank verst\u00e4ndnisvoller Vorgesetzter und Medikamenten konnte sie noch \u00fcber zwei Jahre ihre verantwortungsvolle T\u00e4tigkeit aus\u00fcben. Sp\u00e4ter wurde die Krankheit in ihrer Entwicklung rapide beschleunigt. Aber nicht die nachlassende Hirnleistung, sondern die sich einstellende motorische Unruhe wurde zum Hauptproblem.<\/p>\n<p>Mit dem 45-min\u00fctigen Video \u00fcber den unaufhaltsamen Pers\u00f6nlichkeitsverfall eines geliebten Menschen ist Liebe damit ein bewegendes und sehr pers\u00f6nliches Dokument gelungen. Er hat es voller Respekt geschafft, die deprimierende Wirklichkeit filmisch abzubilden und den Prozess des Abschiednehmens f\u00fcr sich zu verarbeiten.<\/p>\n<p>Eine Veranstaltung in Kooperation des Moritzbastei e.V. mit dem Alzheimer Gesellschaft Leipzig e.V.<\/p>\n<p><strong>Film &amp; Gespr\u00e4ch: 19.10. * 19:00 * Eintritt frei<\/strong><\/p>\n","protected":false},"excerpt":{"rendered":"<p>\u201eDu und ich \u2013 Leben mit fr\u00fchem Alzheimer\u201c (von Sieghard Liebe) Im bundesweiten Wettbewerb \u201cVideo der Generationen 2007\u201c konnte Sieghard Liebe mit diesem Film die Jury \u00fcberzeugen: Er belegte Platz [&hellip;]<\/p>\n","protected":false},"author":1,"featured_media":0,"comment_status":"open","ping_status":"closed","template":"","meta":{"jetpack_post_was_ever_published":false,"_tribe_events_status":"","_tribe_events_status_reason":"","footnotes":""},"tags":[],"tribe_events_cat":[21,22],"class_list":["post-4886","tribe_events","type-tribe_events","status-publish","hentry","tribe_events_cat-mbevoeffentlich","tribe_events_cat-moritzbasteievtermine","cat_mbevoeffentlich","cat_moritzbasteievtermine"],"jetpack_sharing_enabled":true,"_links":{"self":[{"href":"https:\/\/www.moritzbastei-ev.org\/wordpress\/wp-json\/wp\/v2\/tribe_events\/4886","targetHints":{"allow":["GET"]}}],"collection":[{"href":"https:\/\/www.moritzbastei-ev.org\/wordpress\/wp-json\/wp\/v2\/tribe_events"}],"about":[{"href":"https:\/\/www.moritzbastei-ev.org\/wordpress\/wp-json\/wp\/v2\/types\/tribe_events"}],"author":[{"embeddable":true,"href":"https:\/\/www.moritzbastei-ev.org\/wordpress\/wp-json\/wp\/v2\/users\/1"}],"replies":[{"embeddable":true,"href":"https:\/\/www.moritzbastei-ev.org\/wordpress\/wp-json\/wp\/v2\/comments?post=4886"}],"version-history":[{"count":2,"href":"https:\/\/www.moritzbastei-ev.org\/wordpress\/wp-json\/wp\/v2\/tribe_events\/4886\/revisions"}],"predecessor-version":[{"id":4905,"href":"https:\/\/www.moritzbastei-ev.org\/wordpress\/wp-json\/wp\/v2\/tribe_events\/4886\/revisions\/4905"}],"wp:attachment":[{"href":"https:\/\/www.moritzbastei-ev.org\/wordpress\/wp-json\/wp\/v2\/media?parent=4886"}],"wp:term":[{"taxonomy":"post_tag","embeddable":true,"href":"https:\/\/www.moritzbastei-ev.org\/wordpress\/wp-json\/wp\/v2\/tags?post=4886"},{"taxonomy":"tribe_events_cat","embeddable":true,"href":"https:\/\/www.moritzbastei-ev.org\/wordpress\/wp-json\/wp\/v2\/tribe_events_cat?post=4886"}],"curies":[{"name":"wp","href":"https:\/\/api.w.org\/{rel}","templated":true}]}}