{"id":5485,"date":"2022-06-24T14:19:55","date_gmt":"2022-06-24T12:19:55","guid":{"rendered":"https:\/\/www.moritzbastei-ev.org\/wordpress\/?page_id=5485"},"modified":"2023-03-16T15:31:12","modified_gmt":"2023-03-16T14:31:12","slug":"5485-2","status":"publish","type":"page","link":"https:\/\/www.moritzbastei-ev.org\/wordpress\/","title":{"rendered":"Home"},"content":{"rendered":"        <style type=\"text\/css\">\n                .fts-facebook-add-more-posts-notice {\n            display: none !important;\n        }\n        \n        <\/style><div class=\"fts-jal-fb-header\"><\/div><div class=\"fts-jal-fb-group-display fts-simple-fb-wrapper feed_dynamic_classxbojilmfkn_page\"><div class=\"fts-jal-single-fb-post\"><div  class=\"fts-jal-fb-right-wrap\"><div class=\"fts-jal-fb-top-wrap \"><div class=\"fts-jal-fb-user-thumb\"><a href=\"https:\/\/www.facebook.com\/605770412958845\" target=\"_blank\" rel=\"noreferrer\"><img decoding=\"async\" border=\"0\" alt=\"Moritzbastei e.V.\" src=\"https:\/\/scontent-fra5-1.xx.fbcdn.net\/v\/t39.30808-1\/326493952_935633537604879_3539539280300787516_n.png?stp=c16.0.624.624a_cp0_dst-png_s50x50&amp;_nc_cat=100&amp;ccb=1-7&amp;_nc_sid=f907e8&amp;_nc_ohc=HsyNyD3Mw3kQ7kNvwGKYyRz&amp;_nc_oc=AdpmpDYlUvRHH-54MsCUmkIK0Ci8AR9c1a3B5qloh9s1rqJMBTiiMHIopHfpEHybuz8&amp;_nc_zt=24&amp;_nc_ht=scontent-fra5-1.xx&amp;edm=AJdBtusEAAAA&amp;_nc_gid=MZ4NOFbeqIUzQS9ZytXDdQ&amp;_nc_tpa=Q5bMBQEFK9ZQqmnuiG2Mbtsc6iqbUL4qIL-ezUZDoFBLcJrW7mjZiiBkzCMSIIQTNpw95w82itiT7xl2DA&amp;oh=00_Af0zJE3TSsGgS8NfCvNJTOFIiVK-fZvd1JFjhLm-KEQXDQ&amp;oe=69F2DC59\"\/><\/a><\/div><span class=\"fts-jal-fb-user-name\"><a href=\"https:\/\/www.facebook.com\/605770412958845\" target=\"_blank\" rel=\"noreferrer\">Moritzbastei e.V.<\/a><\/span><span class=\"fts-jal-fb-post-time\">7 days ago<\/span><div class=\"fts-clear\"><\/div><div class=\"fts-jal-fb-message\">Ihr habt kein Ticket f\u00fcr die 39. Moritzbastei e.V. Fahrradrallye bekommen? Eine Chance ist unsere Warteliste. Wenn ihr auf diese m\u00f6chtet, dann schreibt uns eine PN oder Mail und wir setzen euch nach Eingangsreihenfolge darauf.<br \/>\n<br \/>\nWenn ihr ein Ticket zur\u00fcckgeben m\u00fcsst, dann schreibt am besten an die Mailadresse des Vereins. Ticketangebote hier im Event werden wie im Vorjahr gel\u00f6scht, da es vermehrt unseri\u00f6se Post diesbez\u00fcglich gibt.<br \/>\n<br \/>\nWer nicht mitradeln kann (aus welchen Gr\u00fcnden auch immer), aber trotzdem gern den Tag miterleben und die Teams mitfeiern m\u00f6chte: Wir suchen stets Menschen, die die Stationen an der Strecke betreuen \ud83e\udd70<br \/>\n<br \/>\n<a href=\"https:\/\/www.facebook.com\/hashtag\/fahrradrallye\" target=\"_blank\" rel=\"noreferrer\">#fahrradrallye<\/a> <a href=\"https:\/\/www.facebook.com\/hashtag\/MoritzbasteieV\" target=\"_blank\" rel=\"noreferrer\">#MoritzbasteieV<\/a> <a href=\"https:\/\/www.facebook.com\/hashtag\/moritzbastei\" target=\"_blank\" rel=\"noreferrer\">#moritzbastei<\/a><div class=\"fts-clear\"><\/div><\/div><\/div><div class=\"fts-jal-fb-link-wrap fts-album-photos-wrap\"><a href=\"https:\/\/www.facebook.com\/588540403381862\/posts\/1281896470712915\" target=\"_blank\" rel=\"noreferrer\" class=\"fts-jal-fb-picture fts-fb-large-photo\"><img decoding=\"async\" border=\"0\" alt=\"Moritzbastei e.V.\" src=\"https:\/\/scontent-fra3-1.xx.fbcdn.net\/v\/t39.30808-6\/672686942_1281406564095239_371159895798682353_n.jpg?stp=dst-jpg_s720x720_tt6&#038;_nc_cat=101&#038;ccb=1-7&#038;_nc_sid=13d280&#038;_nc_ohc=-xA4z1xoNZ8Q7kNvwHKKj3Z&#038;_nc_oc=AdqGTtEgAMxRQTgLfGTrzh5_lDpy_SPXgtakkgmKMmm91cLAfVhgfHYps64F70KH0EU&#038;_nc_zt=23&#038;_nc_ht=scontent-fra3-1.xx&#038;edm=AKIiGfEEAAAA&#038;_nc_gid=i2RGshyKmitgVD6F7gQTjw&#038;_nc_tpa=Q5bMBQEN7AXkhaTimOHiKFaiD8gbvdgAwClckLZqR4HCIDpHK5eYOKNnOPxEsHbwu5wXsS8B_w5NzeRjtA&#038;oh=00_Af2j0JapOMlRE2qG8Gk6_fKv4qoFKT268Rl6HyFtOX8fmw&#038;oe=69F2AF39\"><\/a><div class=\"fts-clear\"><\/div><div id=\"hvvpfsupmd_page\" class=\"fts-more-photos-4-photos fts-fb-more-photos-wrap fts-facebook-inline-block-centered\" style=\"max-width:720px\" data-ftsi-id=hvvpfsupmd_page data-ftsi-columns=\"3\" data-ftsi-margin=\"1px\" data-ftsi-force-columns=\"yes\"><a href=\"https:\/\/www.facebook.com\/photo.php?fbid=1281896430712919&#038;set=a.520498513519385&#038;type=3\" target=\"_blank\" rel=\"noreferrer\" class=\"slicker-facebook-placeholder fts-fb-thumbs-wrap fts-4-photos fts-fb-thumb-zero-wrap fts-fb-large-photo\" style=\"background:url(https:\/\/scontent-fra5-2.xx.fbcdn.net\/v\/t39.30808-6\/673865390_1281406507428578_2981702053665281379_n.jpg?stp=dst-jpg_s720x720_tt6&#038;_nc_cat=109&#038;ccb=1-7&#038;_nc_sid=13d280&#038;_nc_ohc=_0v_jFuP_oYQ7kNvwEmZjjF&#038;_nc_oc=AdpxLAgGfIgTyacAf031DkT5miRfhO0eJeUKzaXClOrheOlyQ7Dql9FjQJrpRXDaIGo&#038;_nc_zt=23&#038;_nc_ht=scontent-fra5-2.xx&#038;edm=AKIiGfEEAAAA&#038;_nc_gid=i2RGshyKmitgVD6F7gQTjw&#038;_nc_tpa=Q5bMBQFKIsQUdubpZ9jMFQy9aM__qjmBJOQurcPBlSyt6WCBD7hi4sMJJ2K5aupRMpbV1AnC5uBJN3Isbg&#038;oh=00_Af3JxKABHWJVX3FEwQ3AzlW9IB4me5QQFU66NQmPHtWc4A&#038;oe=69F2B54F);\" title=\"Bild von Facebook\" aria-label=\"Bild von Facebook\"><\/a><a href=\"https:\/\/www.facebook.com\/photo.php?fbid=1281896424046253&#038;set=a.520498513519385&#038;type=3\" target=\"_blank\" rel=\"noreferrer\" class=\"fts-2-or-3-photos slicker-facebook-placeholder fts-fb-thumbs-wrap fts-4-photos fts-fb-thumb-one-wrap fts-fb-large-photo\" style=\"background:url(https:\/\/scontent-fra3-2.xx.fbcdn.net\/v\/t39.30808-6\/673642493_1281406540761908_4913443203098925726_n.jpg?stp=dst-jpg_s720x720_tt6&#038;_nc_cat=104&#038;ccb=1-7&#038;_nc_sid=13d280&#038;_nc_ohc=ph5Ar1jF07YQ7kNvwFu_SOF&#038;_nc_oc=Adqs5TVTguFkCW1_FBqquhFsqZFsQ14EWI2C6fbUqTZ9awH54Lg6ppWq8NAdcNESFQ0&#038;_nc_zt=23&#038;_nc_ht=scontent-fra3-2.xx&#038;edm=AKIiGfEEAAAA&#038;_nc_gid=i2RGshyKmitgVD6F7gQTjw&#038;_nc_tpa=Q5bMBQFr0Tm5KcoIqQQUnDfuEOGtFxWcAVZ2eYddVN4Wp7Oxz-DALIaI3vTW3q5hbjtoPTiitFKr6IP4ig&#038;oh=00_Af1eOk5iZTt2sJWELSKT_063PQgfpDebt9rJd50-95cBkA&#038;oe=69F2CB06);\" title=\"Bild von Facebook\" aria-label=\"Bild von Facebook\"><\/a><a href=\"https:\/\/www.facebook.com\/photo.php?fbid=1281896427379586&#038;set=a.520498513519385&#038;type=3\" target=\"_blank\" rel=\"noreferrer\" class=\"slicker-facebook-placeholder fts-fb-thumbs-wrap fts-4-photos fts-fb-thumb-two-wrap fts-fb-large-photo\" style=\"background:url(https:\/\/scontent-fra5-1.xx.fbcdn.net\/v\/t39.30808-6\/673725417_1281406484095247_6588929473253189376_n.jpg?stp=dst-jpg_s720x720_tt6&#038;_nc_cat=102&#038;ccb=1-7&#038;_nc_sid=13d280&#038;_nc_ohc=8I_q_FvKD_UQ7kNvwGP8WyV&#038;_nc_oc=AdrlXkfsdy-OMldHQIMjkJ6IxqzwXEAn02ds-h3nOIkewwdiw6pHJbA2GNa-SfpWvws&#038;_nc_zt=23&#038;_nc_ht=scontent-fra5-1.xx&#038;edm=AKIiGfEEAAAA&#038;_nc_gid=i2RGshyKmitgVD6F7gQTjw&#038;_nc_tpa=Q5bMBQGTxG768HYtet6vjCiLAYDZV-MR4zlTlO0oPx8EoeURITVcXDG9gFEpHKVpVMVI3wQWAXty-aPQRQ&#038;oh=00_Af0D5m3Ydb_EVxN0OkUh1h3LitBjXm8y4m-XCYKCOJB9og&#038;oe=69F2A82C);\" title=\"Bild von Facebook\" aria-label=\"Bild von Facebook\"><div class=\"fts-image-count-tint-underlay\"><\/div><div class=\"fts-image-count\"><span>+<\/span>2<\/div><\/a><\/div><div class=\"slicker-facebook-album-photoshadow\"><\/div><div class=\"fts-jal-fb-description-wrap fts-photo-caption-text\"><a href=\"https:\/\/www.facebook.com\/588540403381862\/posts\/1281896470712915\" target=\"_blank\" rel=\"noreferrer\" class=\"fts-jal-fb-name\">Fotos von Moritzbastei e.V.s Beitrag<\/a><div class=\"fts-clear\"><\/div><\/div><div class=\"fts-clear\"><\/div><\/div><div class=\"fts-clear\"><\/div><\/div><div class=\"fts-likes-shares-etc-wrap\"><div class=\"fts-share-wrap\"><a href=\"javascript:;\" class=\"ft-gallery-link-popup\" title=\"Social-Share-Optionen\"><\/a><div class=\"ft-gallery-share-wrap\"><a href=\"https:\/\/www.facebook.com\/sharer\/sharer.php?u=https:\/\/www.facebook.com\/588540403381862\/posts\/1281896470712915\" target=\"_blank\" rel=\"noreferrer\" class=\"ft-galleryfacebook-icon\" title=\"Share this post on Facebook\"><i class=\"fa fa-facebook-square\"><\/i><\/a><a href=\"https:\/\/twitter.com\/intent\/tweet?text=https:\/\/www.facebook.com\/588540403381862\/posts\/1281896470712915+1\" target=\"_blank\" rel=\"noreferrer\" class=\"ft-gallerytwitter-icon\" title=\"Share this post on Twitter\"><i class=\"fa fa-twitter\"><\/i><\/a><a href=\"https:\/\/www.linkedin.com\/shareArticle?mini=true&amp;url=https:\/\/www.facebook.com\/588540403381862\/posts\/1281896470712915\" target=\"_blank\" rel=\"noreferrer\" class=\"ft-gallerylinkedin-icon\" title=\"Share this post on Linkedin\"><i class=\"fa fa-linkedin\"><\/i><\/a><a href=\"mailto:?subject=Shared Link&amp;body=https:\/\/www.facebook.com\/588540403381862\/posts\/1281896470712915 - 1\" target=\"_blank\" rel=\"noreferrer\" class=\"ft-galleryemail-icon\" title=\"Share this post in your email\"><i class=\"fa fa-envelope\"><\/i><\/a><\/div><\/div><a href=\"https:\/\/www.facebook.com\/588540403381862\/posts\/1281896470712915\" target=\"_blank\" rel=\"noreferrer\" class=\"fts-jal-fb-see-more\"><span class=\"fts-count-wrap fts-likes-wrap\"><i class='icon-thumbs-up'><\/i>3<\/span><span class=\"fts-count-wrap fts-comments-wrap\"><\/span><span class=\"fts-count-wrap fts-shares-wrap\"><\/span><span class=\"fts-view-on-facebook\">View on Facebook<\/span><\/a><\/div><div class=\"fts-clear\"><\/div><\/div><div class=\"fts-jal-single-fb-post\"><div  class=\"fts-jal-fb-right-wrap\"><div class=\"fts-jal-fb-top-wrap \"><div class=\"fts-jal-fb-user-thumb\"><a href=\"https:\/\/www.facebook.com\/605770412958845\" target=\"_blank\" rel=\"noreferrer\"><img decoding=\"async\" border=\"0\" alt=\"Moritzbastei e.V.\" src=\"https:\/\/scontent-fra5-1.xx.fbcdn.net\/v\/t39.30808-1\/326493952_935633537604879_3539539280300787516_n.png?stp=c16.0.624.624a_cp0_dst-png_s50x50&amp;_nc_cat=100&amp;ccb=1-7&amp;_nc_sid=f907e8&amp;_nc_ohc=HsyNyD3Mw3kQ7kNvwGKYyRz&amp;_nc_oc=AdpmpDYlUvRHH-54MsCUmkIK0Ci8AR9c1a3B5qloh9s1rqJMBTiiMHIopHfpEHybuz8&amp;_nc_zt=24&amp;_nc_ht=scontent-fra5-1.xx&amp;edm=AJdBtusEAAAA&amp;_nc_gid=MZ4NOFbeqIUzQS9ZytXDdQ&amp;_nc_tpa=Q5bMBQEFK9ZQqmnuiG2Mbtsc6iqbUL4qIL-ezUZDoFBLcJrW7mjZiiBkzCMSIIQTNpw95w82itiT7xl2DA&amp;oh=00_Af0zJE3TSsGgS8NfCvNJTOFIiVK-fZvd1JFjhLm-KEQXDQ&amp;oe=69F2DC59\"\/><\/a><\/div><span class=\"fts-jal-fb-user-name\"><a href=\"https:\/\/www.facebook.com\/605770412958845\" target=\"_blank\" rel=\"noreferrer\">Moritzbastei e.V.<\/a><\/span><span class=\"fts-jal-fb-post-time\">1 week ago<\/span><div class=\"fts-clear\"><\/div><div class=\"fts-jal-fb-message\">Wir freuen uns schon sehr wieder darauf. Ein kleines, entspanntes Highlight, dieses Jahr eine Woche nach unserer 39. Moritzbastei e.V. Fahrradrallye \ud83d\ude0e<div class=\"fts-clear\"><\/div><\/div><\/div><div class=\"fts-jal-fb-link-wrap fts-album-photos-wrap\"><div class=\"fts-clear\"><\/div><div id=\"cvnrmhpqen_page\" class=\"fts-more-photos-2-or-3-photos fts-fb-more-photos-wrap fts-facebook-inline-block-centered fts-more-photos-auto-width\" style=\"max-width:100%;\" data-ftsi-id=cvnrmhpqen_page data-ftsi-columns=\"2\" data-ftsi-margin=\"1px\" data-ftsi-force-columns=\"yes\"><a href=\"https:\/\/www.facebook.com\/500882898707412\/posts\/1554223910039967\" target=\"_blank\" rel=\"noreferrer\" class=\"slicker-facebook-placeholder fts-fb-thumbs-wrap fts-2-photos fts-fb-thumb-zero-wrap fts-fb-large-photo\" style=\"background:url(https:\/\/scontent-fra3-1.xx.fbcdn.net\/v\/t39.30808-6\/675385201_1554215430040815_2556336076765584150_n.jpg?stp=dst-jpg_s720x720_tt6&#038;_nc_cat=105&#038;ccb=1-7&#038;_nc_sid=13d280&#038;_nc_ohc=czyscKfAN5kQ7kNvwFUe5Y0&#038;_nc_oc=Ado9I0l2agwJPDa-e5M_cX3Tpu6boEEUs7DQNCTQmdOjdob-bFV3XB5OuphzbHO_lwI&#038;_nc_zt=23&#038;_nc_ht=scontent-fra3-1.xx&#038;edm=AKIiGfEEAAAA&#038;_nc_gid=i2RGshyKmitgVD6F7gQTjw&#038;_nc_tpa=Q5bMBQEJ0mGvwklLWSkxVLmUEp6WazNHwuMiKb4YPqVpiDktjuuv51R47vbC9Z7H7mJIv8gyZjHN5boBSA&#038;oh=00_Af25eRzEjmfwkrCTQ6Qpks2xZXdDSGOCKcbAYQlDScTK-g&#038;oe=69F2D7CC);\" title=\"Bild von Facebook\" aria-label=\"Bild von Facebook\"><\/a><a href=\"https:\/\/www.facebook.com\/photo.php?fbid=1554215436707481&#038;set=a.452066583589044&#038;type=3\" target=\"_blank\" rel=\"noreferrer\" class=\"slicker-facebook-placeholder fts-fb-thumbs-wrap fts-2-photos fts-fb-thumb-zero-wrap fts-fb-large-photo\" style=\"background:url(https:\/\/scontent-fra3-2.xx.fbcdn.net\/v\/t39.30808-6\/672688191_1554215440040814_6786364729365099209_n.jpg?stp=dst-jpg_s720x720_tt6&#038;_nc_cat=111&#038;ccb=1-7&#038;_nc_sid=13d280&#038;_nc_ohc=TVlqvhxGPp4Q7kNvwHmWFmx&#038;_nc_oc=Adp_jTpwzTxMpAmMLX0XMchwR1LoroeVTZG2BDM7gqySf4rRO6CtEAhju1IdblShy70&#038;_nc_zt=23&#038;_nc_ht=scontent-fra3-2.xx&#038;edm=AKIiGfEEAAAA&#038;_nc_gid=i2RGshyKmitgVD6F7gQTjw&#038;_nc_tpa=Q5bMBQEcthL6EEO1THm4TIlDr5fmZ0KHreGtPOFvoplj9WqEoLFNYdFeBnPrqrhZ5jyWVbJOnuMdirL8BA&#038;oh=00_Af2TxWWRjHZ6UaZe5i09idRcZRoT7WTnhPp33pYgCVVwWg&#038;oe=69F2C25E);\" title=\"Bild von Facebook\" aria-label=\"Bild von Facebook\"><\/a><\/div><div class=\"slicker-facebook-album-photoshadow\"><\/div><div class=\"fts-jal-fb-description-wrap fts-photo-caption-text\"><a href=\"https:\/\/www.facebook.com\/500882898707412\/posts\/1554223910039967\" target=\"_blank\" rel=\"noreferrer\" class=\"fts-jal-fb-name\">Fotos von Sommerfest Hippie Yeahs Beitrag<\/a><div class=\"fts-clear\"><\/div><\/div><div class=\"fts-clear\"><\/div><\/div><div class=\"fts-clear\"><\/div><\/div><div class=\"fts-likes-shares-etc-wrap\"><div class=\"fts-share-wrap\"><a href=\"javascript:;\" class=\"ft-gallery-link-popup\" title=\"Social-Share-Optionen\"><\/a><div class=\"ft-gallery-share-wrap\"><a href=\"https:\/\/www.facebook.com\/sharer\/sharer.php?u=https:\/\/www.facebook.com\/500882898707412\/posts\/1554223910039967\" target=\"_blank\" rel=\"noreferrer\" class=\"ft-galleryfacebook-icon\" title=\"Share this post on Facebook\"><i class=\"fa fa-facebook-square\"><\/i><\/a><a href=\"https:\/\/twitter.com\/intent\/tweet?text=https:\/\/www.facebook.com\/500882898707412\/posts\/1554223910039967+1\" target=\"_blank\" rel=\"noreferrer\" class=\"ft-gallerytwitter-icon\" title=\"Share this post on Twitter\"><i class=\"fa fa-twitter\"><\/i><\/a><a href=\"https:\/\/www.linkedin.com\/shareArticle?mini=true&amp;url=https:\/\/www.facebook.com\/500882898707412\/posts\/1554223910039967\" target=\"_blank\" rel=\"noreferrer\" class=\"ft-gallerylinkedin-icon\" title=\"Share this post on Linkedin\"><i class=\"fa fa-linkedin\"><\/i><\/a><a href=\"mailto:?subject=Shared Link&amp;body=https:\/\/www.facebook.com\/500882898707412\/posts\/1554223910039967 - 1\" target=\"_blank\" rel=\"noreferrer\" class=\"ft-galleryemail-icon\" title=\"Share this post in your email\"><i class=\"fa fa-envelope\"><\/i><\/a><\/div><\/div><a href=\"https:\/\/www.facebook.com\/500882898707412\/posts\/1554223910039967\" target=\"_blank\" rel=\"noreferrer\" class=\"fts-jal-fb-see-more\"><span class=\"fts-count-wrap fts-likes-wrap\"><i class='icon-thumbs-up'><\/i>1<\/span><span class=\"fts-count-wrap fts-comments-wrap\"><\/span><span class=\"fts-count-wrap fts-shares-wrap\"><\/span><span class=\"fts-view-on-facebook\">View on Facebook<\/span><\/a><\/div><div class=\"fts-clear\"><\/div><\/div><div class=\"fts-jal-single-fb-post\"><div  class=\"fts-jal-fb-right-wrap\"><div class=\"fts-jal-fb-top-wrap \"><div class=\"fts-jal-fb-user-thumb\"><a href=\"https:\/\/www.facebook.com\/605770412958845\" target=\"_blank\" rel=\"noreferrer\"><img decoding=\"async\" border=\"0\" alt=\"Moritzbastei e.V.\" src=\"https:\/\/scontent-fra5-1.xx.fbcdn.net\/v\/t39.30808-1\/326493952_935633537604879_3539539280300787516_n.png?stp=c16.0.624.624a_cp0_dst-png_s50x50&amp;_nc_cat=100&amp;ccb=1-7&amp;_nc_sid=f907e8&amp;_nc_ohc=HsyNyD3Mw3kQ7kNvwGKYyRz&amp;_nc_oc=AdpmpDYlUvRHH-54MsCUmkIK0Ci8AR9c1a3B5qloh9s1rqJMBTiiMHIopHfpEHybuz8&amp;_nc_zt=24&amp;_nc_ht=scontent-fra5-1.xx&amp;edm=AJdBtusEAAAA&amp;_nc_gid=MZ4NOFbeqIUzQS9ZytXDdQ&amp;_nc_tpa=Q5bMBQEFK9ZQqmnuiG2Mbtsc6iqbUL4qIL-ezUZDoFBLcJrW7mjZiiBkzCMSIIQTNpw95w82itiT7xl2DA&amp;oh=00_Af0zJE3TSsGgS8NfCvNJTOFIiVK-fZvd1JFjhLm-KEQXDQ&amp;oe=69F2DC59\"\/><\/a><\/div><span class=\"fts-jal-fb-user-name\"><a href=\"https:\/\/www.facebook.com\/605770412958845\" target=\"_blank\" rel=\"noreferrer\">Moritzbastei e.V.<\/a><\/span><span class=\"fts-jal-fb-post-time\">2 weeks ago<\/span><div class=\"fts-clear\"><\/div><div class=\"fts-jal-fb-message\">Am 27. Juni sind wir zum Sommerfest Hippie Yeah wieder mit MoritzJunior am Start! Kommt vorbei - Eintritt frei!<div class=\"fts-clear\"><\/div><\/div><\/div><div class=\"fts-clear\"><\/div><\/div><div class=\"fts-likes-shares-etc-wrap\"><div class=\"fts-share-wrap\"><a href=\"javascript:;\" class=\"ft-gallery-link-popup\" title=\"Social-Share-Optionen\"><\/a><div class=\"ft-gallery-share-wrap\"><a href=\"https:\/\/www.facebook.com\/sharer\/sharer.php?u=https:\/\/www.facebook.com\/605770412958845_605770412958845_1275780017991227\" target=\"_blank\" rel=\"noreferrer\" class=\"ft-galleryfacebook-icon\" title=\"Share this post on Facebook\"><i class=\"fa fa-facebook-square\"><\/i><\/a><a href=\"https:\/\/twitter.com\/intent\/tweet?text=https:\/\/www.facebook.com\/605770412958845_605770412958845_1275780017991227+1\" target=\"_blank\" rel=\"noreferrer\" class=\"ft-gallerytwitter-icon\" title=\"Share this post on Twitter\"><i class=\"fa fa-twitter\"><\/i><\/a><a href=\"https:\/\/www.linkedin.com\/shareArticle?mini=true&amp;url=https:\/\/www.facebook.com\/605770412958845_605770412958845_1275780017991227\" target=\"_blank\" rel=\"noreferrer\" class=\"ft-gallerylinkedin-icon\" title=\"Share this post on Linkedin\"><i class=\"fa fa-linkedin\"><\/i><\/a><a href=\"mailto:?subject=Shared Link&amp;body=https:\/\/www.facebook.com\/605770412958845_605770412958845_1275780017991227 - 1\" target=\"_blank\" rel=\"noreferrer\" class=\"ft-galleryemail-icon\" title=\"Share this post in your email\"><i class=\"fa fa-envelope\"><\/i><\/a><\/div><\/div><a href=\"https:\/\/www.facebook.com\/605770412958845_605770412958845_1275780017991227\" target=\"_blank\" rel=\"noreferrer\" class=\"fts-jal-fb-see-more\"><span class=\"fts-count-wrap fts-likes-wrap\"><i class='icon-thumbs-up'><\/i>2<\/span><span class=\"fts-count-wrap fts-comments-wrap\"><\/span><span class=\"fts-count-wrap fts-shares-wrap\"><\/span><span class=\"fts-view-on-facebook\">View on Facebook<\/span><\/a><\/div><div class=\"fts-clear\"><\/div><\/div><div class='fts-fb-photo-post-wrap fts-jal-single-fb-post' ><div  class=\"fts-jal-fb-right-wrap\"><div class=\"fts-jal-fb-top-wrap \"><div class=\"fts-jal-fb-user-thumb\"><a href=\"https:\/\/www.facebook.com\/605770412958845\" target=\"_blank\" rel=\"noreferrer\"><img decoding=\"async\" border=\"0\" alt=\"Moritzbastei e.V.\" src=\"https:\/\/scontent-fra5-1.xx.fbcdn.net\/v\/t39.30808-1\/326493952_935633537604879_3539539280300787516_n.png?stp=c16.0.624.624a_cp0_dst-png_s50x50&amp;_nc_cat=100&amp;ccb=1-7&amp;_nc_sid=f907e8&amp;_nc_ohc=HsyNyD3Mw3kQ7kNvwGKYyRz&amp;_nc_oc=AdpmpDYlUvRHH-54MsCUmkIK0Ci8AR9c1a3B5qloh9s1rqJMBTiiMHIopHfpEHybuz8&amp;_nc_zt=24&amp;_nc_ht=scontent-fra5-1.xx&amp;edm=AJdBtusEAAAA&amp;_nc_gid=MZ4NOFbeqIUzQS9ZytXDdQ&amp;_nc_tpa=Q5bMBQEFK9ZQqmnuiG2Mbtsc6iqbUL4qIL-ezUZDoFBLcJrW7mjZiiBkzCMSIIQTNpw95w82itiT7xl2DA&amp;oh=00_Af0zJE3TSsGgS8NfCvNJTOFIiVK-fZvd1JFjhLm-KEQXDQ&amp;oe=69F2DC59\"\/><\/a><\/div><span class=\"fts-jal-fb-user-name\"><a href=\"https:\/\/www.facebook.com\/605770412958845\" target=\"_blank\" rel=\"noreferrer\">Moritzbastei e.V.<\/a><\/span><span class=\"fts-jal-fb-post-time\">2 weeks ago<\/span><div class=\"fts-clear\"><\/div><div class=\"fts-jal-fb-message\"><a href=\"https:\/\/www.facebook.com\/Follower\" target=\"_blank\" rel=\"noreferrer\">@Follower<\/a> Die Tickets f\u00fcr die 39. Moritzbastei e.V. Fahrradrallye sind geliefert \ud83e\udd29 Und sicher wackeln schon eure Pedale, denn 16:00 Uhr geht heute, am 9. April, der Vorverkauf am Ticketshop der Moritzbastei und online los.<br \/>\n<br \/>\nDen Link zum Online-VVK schubsen wir hier in die Kommentare, sobald wir ihn bekommen haben!<br \/>\nUnd\/oder ihr findet ihn direkt auf der Website der Moritzbastei: <a href=\"https:\/\/www.moritzbastei.de\/event\/special\/2026-06-20\/38-moritzbastei-fahrradrallye\" target=\"_blank\" rel=\"noreferrer\">https:\/\/www.moritzbastei.de\/event\/special\/2026-06-20\/38-moritzbastei-fahrradrallye<\/a><br \/>\n<br \/>\n<a href=\"https:\/\/www.facebook.com\/hashtag\/fahrradrallye\" target=\"_blank\" rel=\"noreferrer\">#fahrradrallye<\/a> <a href=\"https:\/\/www.facebook.com\/hashtag\/MoritzbasteieV\" target=\"_blank\" rel=\"noreferrer\">#MoritzbasteieV<\/a> <a href=\"https:\/\/www.facebook.com\/hashtag\/moritzbastei\" target=\"_blank\" rel=\"noreferrer\">#moritzbastei<\/a><div class=\"fts-clear\"><\/div><\/div><\/div><div class=\"fts-jal-fb-link-wrap fts-album-photos-wrap\"><a href=\"https:\/\/www.facebook.com\/photo.php?fbid=1274183061484256&#038;set=a.520498513519385&#038;type=3\" target=\"_blank\" rel=\"noreferrer\" class=\"fts-jal-fb-picture\"><img decoding=\"async\" border=\"0\" alt=\"Moritzbastei e.V.\" src=\"https:\/\/scontent-fra3-1.xx.fbcdn.net\/v\/t39.30808-6\/669682853_1274183064817589_465990127083893037_n.jpg?stp=dst-jpg_s720x720_tt6&#038;_nc_cat=101&#038;ccb=1-7&#038;_nc_sid=13d280&#038;_nc_ohc=kZj-f52dgW8Q7kNvwEsIOdk&#038;_nc_oc=AdqmbUOzfFvkqAI8U7RYoWEnreEOqwMhV2pNfUM5j-dy15RhBiZG9eZpqwJhRCAhBKM&#038;_nc_zt=23&#038;_nc_ht=scontent-fra3-1.xx&#038;edm=AKIiGfEEAAAA&#038;_nc_gid=i2RGshyKmitgVD6F7gQTjw&#038;_nc_tpa=Q5bMBQHaenC6kB-2SyVoWCL0p4SfXuIfRaR4OKu49Y8zS36hUMQNAFmJCFvsyprDQCLTTT52mqoIzsy8ew&#038;oh=00_Af1ueUPe7zy1U7Xyo0vV03KLV47UFeOpq-0Hf-Y41CGdTA&#038;oe=69F2C220\"\/><\/a><div class=\"slicker-facebook-album-photoshadow\"><\/div><div class=\"fts-jal-fb-description-wrap fts-photo-caption-text\"><div class=\"fts-clear\"><\/div><\/div><div class=\"fts-clear\"><\/div><\/div><div class=\"fts-clear\"><\/div><\/div><div class=\"fts-likes-shares-etc-wrap\"><div class=\"fts-share-wrap\"><a href=\"javascript:;\" class=\"ft-gallery-link-popup\" title=\"Social-Share-Optionen\"><\/a><div class=\"ft-gallery-share-wrap\"><a href=\"https:\/\/www.facebook.com\/sharer\/sharer.php?u=https:\/\/www.facebook.com\/photo.php?fbid=1274183061484256&amp;set=a.520498513519385&amp;type=3\" target=\"_blank\" rel=\"noreferrer\" class=\"ft-galleryfacebook-icon\" title=\"Share this post on Facebook\"><i class=\"fa fa-facebook-square\"><\/i><\/a><a href=\"https:\/\/twitter.com\/intent\/tweet?text=https:\/\/www.facebook.com\/photo.php?fbid=1274183061484256&amp;set=a.520498513519385&amp;type=3+1\" target=\"_blank\" rel=\"noreferrer\" class=\"ft-gallerytwitter-icon\" title=\"Share this post on Twitter\"><i class=\"fa fa-twitter\"><\/i><\/a><a href=\"https:\/\/www.linkedin.com\/shareArticle?mini=true&amp;url=https:\/\/www.facebook.com\/photo.php?fbid=1274183061484256&amp;set=a.520498513519385&amp;type=3\" target=\"_blank\" rel=\"noreferrer\" class=\"ft-gallerylinkedin-icon\" title=\"Share this post on Linkedin\"><i class=\"fa fa-linkedin\"><\/i><\/a><a href=\"mailto:?subject=Shared Link&amp;body=https:\/\/www.facebook.com\/photo.php?fbid=1274183061484256&amp;set=a.520498513519385&amp;type=3 - 1\" target=\"_blank\" rel=\"noreferrer\" class=\"ft-galleryemail-icon\" title=\"Share this post in your email\"><i class=\"fa fa-envelope\"><\/i><\/a><\/div><\/div><a href=\"https:\/\/www.facebook.com\/photo.php?fbid=1274183061484256&#038;set=a.520498513519385&#038;type=3\" target=\"_blank\" rel=\"noreferrer\" class=\"fts-jal-fb-see-more\"><span class=\"fts-count-wrap fts-likes-wrap\"><i class='icon-thumbs-up'><\/i>9<\/span><span class=\"fts-count-wrap fts-comments-wrap\"><i class='icon-comments'><\/i>1<\/span><span class=\"fts-count-wrap fts-shares-wrap\"><\/span><span class=\"fts-view-on-facebook\">View on Facebook<\/span><\/a><\/div><div class=\"fts-clear\"><\/div><\/div><div class='fts-fb-photo-post-wrap fts-jal-single-fb-post' ><div  class=\"fts-jal-fb-right-wrap\"><div class=\"fts-jal-fb-top-wrap \"><div class=\"fts-jal-fb-user-thumb\"><a href=\"https:\/\/www.facebook.com\/605770412958845\" target=\"_blank\" rel=\"noreferrer\"><img decoding=\"async\" border=\"0\" alt=\"Moritzbastei e.V.\" src=\"https:\/\/scontent-fra5-1.xx.fbcdn.net\/v\/t39.30808-1\/326493952_935633537604879_3539539280300787516_n.png?stp=c16.0.624.624a_cp0_dst-png_s50x50&amp;_nc_cat=100&amp;ccb=1-7&amp;_nc_sid=f907e8&amp;_nc_ohc=HsyNyD3Mw3kQ7kNvwGKYyRz&amp;_nc_oc=AdpmpDYlUvRHH-54MsCUmkIK0Ci8AR9c1a3B5qloh9s1rqJMBTiiMHIopHfpEHybuz8&amp;_nc_zt=24&amp;_nc_ht=scontent-fra5-1.xx&amp;edm=AJdBtusEAAAA&amp;_nc_gid=MZ4NOFbeqIUzQS9ZytXDdQ&amp;_nc_tpa=Q5bMBQEFK9ZQqmnuiG2Mbtsc6iqbUL4qIL-ezUZDoFBLcJrW7mjZiiBkzCMSIIQTNpw95w82itiT7xl2DA&amp;oh=00_Af0zJE3TSsGgS8NfCvNJTOFIiVK-fZvd1JFjhLm-KEQXDQ&amp;oe=69F2DC59\"\/><\/a><\/div><span class=\"fts-jal-fb-user-name\"><a href=\"https:\/\/www.facebook.com\/605770412958845\" target=\"_blank\" rel=\"noreferrer\">Moritzbastei e.V.<\/a><\/span><span class=\"fts-jal-fb-post-time\">3 weeks ago<\/span><div class=\"fts-clear\"><\/div><div class=\"fts-jal-fb-message\">Am 22. April findet das MoritzKino: One Day As A Lion (2023) statt \ud83c\udfac: \"Jackie Powers (Scott Caan) ist ein netter Kerl, aber ein lausiger Auftragskiller, und als er den gerissenen Schuldner Walter Boggs (J.K. Simmons) ausschalten soll, macht Jackie ihn nur w\u00fctend....\" <br \/>\n<br \/>\nFreut euch mit uns auf eine 90-Min\u00fctige Actionkom\u00f6die angelehnt an Werke der Coen-Br\u00fcdern oder Tarantino.<br \/>\n<br \/>\nSeid ihr dabei?<br \/>\nEintritt wie immer frei und Knabberei \ud83e\udd70<br \/>\nEinlass 19.00 Uhr, Start 20.00 Uhr<br \/>\n<br \/>\nQuelle Text: <a href=\"https:\/\/www.filmstarts.de\/kritiken\/305952.html\" target=\"_blank\" rel=\"noreferrer\">https:\/\/www.filmstarts.de\/kritiken\/305952.html<\/a><br \/>\nQuelle Bildmotiv: <a href=\"https:\/\/www.imdb.com\/de\/title\/tt15783426\/\" target=\"_blank\" rel=\"noreferrer\">https:\/\/www.imdb.com\/de\/title\/tt15783426\/<\/a><br \/>\n<br \/>\n<a href=\"https:\/\/www.facebook.com\/hashtag\/MoritzKino\" target=\"_blank\" rel=\"noreferrer\">#MoritzKino<\/a> <a href=\"https:\/\/www.facebook.com\/hashtag\/MoritzbasteieV\" target=\"_blank\" rel=\"noreferrer\">#MoritzbasteieV<\/a> <a href=\"https:\/\/www.facebook.com\/hashtag\/moritzbastei\" target=\"_blank\" rel=\"noreferrer\">#moritzbastei<\/a><div class=\"fts-clear\"><\/div><\/div><\/div><div class=\"fts-jal-fb-link-wrap fts-album-photos-wrap\"><a href=\"https:\/\/www.facebook.com\/photo.php?fbid=1273807164855179&#038;set=a.520498513519385&#038;type=3\" target=\"_blank\" rel=\"noreferrer\" class=\"fts-jal-fb-picture\"><img decoding=\"async\" border=\"0\" alt=\"Moritzbastei e.V.\" src=\"https:\/\/scontent-fra3-2.xx.fbcdn.net\/v\/t39.30808-6\/667838801_1273443974891498_7268440979223722389_n.jpg?stp=dst-jpg_s720x720_tt6&#038;_nc_cat=104&#038;ccb=1-7&#038;_nc_sid=13d280&#038;_nc_ohc=FMuFaFWJajwQ7kNvwGZb2y9&#038;_nc_oc=AdrT3HdfWd7EbzauTFgDpWIaF5N8zPtLs5elySF8NWKsCmALg8sOFKr1VdqcWAxC7Lw&#038;_nc_zt=23&#038;_nc_ht=scontent-fra3-2.xx&#038;edm=AKIiGfEEAAAA&#038;_nc_gid=i2RGshyKmitgVD6F7gQTjw&#038;_nc_tpa=Q5bMBQFj1orlMZPhVsO8XsNW8-H430zcE5Revn4yHw4g0dY_yTHD6cLkhFU7AvD7tkq1HtYQfclebNf95Q&#038;oh=00_Af1QahsA98_NJpTrwaaSTJCoR5xsQUwb5vEj_CWPC7wqww&#038;oe=69F2C660\"\/><\/a><div class=\"slicker-facebook-album-photoshadow\"><\/div><div class=\"fts-jal-fb-description-wrap fts-photo-caption-text\"><div class=\"fts-clear\"><\/div><\/div><div class=\"fts-clear\"><\/div><\/div><div class=\"fts-clear\"><\/div><\/div><div class=\"fts-likes-shares-etc-wrap\"><div class=\"fts-share-wrap\"><a href=\"javascript:;\" class=\"ft-gallery-link-popup\" title=\"Social-Share-Optionen\"><\/a><div class=\"ft-gallery-share-wrap\"><a href=\"https:\/\/www.facebook.com\/sharer\/sharer.php?u=https:\/\/www.facebook.com\/photo.php?fbid=1273807164855179&amp;set=a.520498513519385&amp;type=3\" target=\"_blank\" rel=\"noreferrer\" class=\"ft-galleryfacebook-icon\" title=\"Share this post on Facebook\"><i class=\"fa fa-facebook-square\"><\/i><\/a><a href=\"https:\/\/twitter.com\/intent\/tweet?text=https:\/\/www.facebook.com\/photo.php?fbid=1273807164855179&amp;set=a.520498513519385&amp;type=3+1\" target=\"_blank\" rel=\"noreferrer\" class=\"ft-gallerytwitter-icon\" title=\"Share this post on Twitter\"><i class=\"fa fa-twitter\"><\/i><\/a><a href=\"https:\/\/www.linkedin.com\/shareArticle?mini=true&amp;url=https:\/\/www.facebook.com\/photo.php?fbid=1273807164855179&amp;set=a.520498513519385&amp;type=3\" target=\"_blank\" rel=\"noreferrer\" class=\"ft-gallerylinkedin-icon\" title=\"Share this post on Linkedin\"><i class=\"fa fa-linkedin\"><\/i><\/a><a href=\"mailto:?subject=Shared Link&amp;body=https:\/\/www.facebook.com\/photo.php?fbid=1273807164855179&amp;set=a.520498513519385&amp;type=3 - 1\" target=\"_blank\" rel=\"noreferrer\" class=\"ft-galleryemail-icon\" title=\"Share this post in your email\"><i class=\"fa fa-envelope\"><\/i><\/a><\/div><\/div><a href=\"https:\/\/www.facebook.com\/photo.php?fbid=1273807164855179&#038;set=a.520498513519385&#038;type=3\" target=\"_blank\" rel=\"noreferrer\" class=\"fts-jal-fb-see-more\"><span class=\"fts-count-wrap fts-likes-wrap\"><i class='icon-thumbs-up'><\/i>1<\/span><span class=\"fts-count-wrap fts-comments-wrap\"><\/span><span class=\"fts-count-wrap fts-shares-wrap\"><\/span><span class=\"fts-view-on-facebook\">View on Facebook<\/span><\/a><\/div><div class=\"fts-clear\"><\/div><\/div><div class='fts-fb-photo-post-wrap fts-jal-single-fb-post' ><div  class=\"fts-jal-fb-right-wrap\"><div class=\"fts-jal-fb-top-wrap \"><div class=\"fts-jal-fb-user-thumb\"><a href=\"https:\/\/www.facebook.com\/605770412958845\" target=\"_blank\" rel=\"noreferrer\"><img decoding=\"async\" border=\"0\" alt=\"Moritzbastei e.V.\" src=\"https:\/\/scontent-fra5-1.xx.fbcdn.net\/v\/t39.30808-1\/326493952_935633537604879_3539539280300787516_n.png?stp=c16.0.624.624a_cp0_dst-png_s50x50&amp;_nc_cat=100&amp;ccb=1-7&amp;_nc_sid=f907e8&amp;_nc_ohc=HsyNyD3Mw3kQ7kNvwGKYyRz&amp;_nc_oc=AdpmpDYlUvRHH-54MsCUmkIK0Ci8AR9c1a3B5qloh9s1rqJMBTiiMHIopHfpEHybuz8&amp;_nc_zt=24&amp;_nc_ht=scontent-fra5-1.xx&amp;edm=AJdBtusEAAAA&amp;_nc_gid=MZ4NOFbeqIUzQS9ZytXDdQ&amp;_nc_tpa=Q5bMBQEFK9ZQqmnuiG2Mbtsc6iqbUL4qIL-ezUZDoFBLcJrW7mjZiiBkzCMSIIQTNpw95w82itiT7xl2DA&amp;oh=00_Af0zJE3TSsGgS8NfCvNJTOFIiVK-fZvd1JFjhLm-KEQXDQ&amp;oe=69F2DC59\"\/><\/a><\/div><span class=\"fts-jal-fb-user-name\"><a href=\"https:\/\/www.facebook.com\/605770412958845\" target=\"_blank\" rel=\"noreferrer\">Moritzbastei e.V.<\/a><\/span><span class=\"fts-jal-fb-post-time\">3 weeks ago<\/span><div class=\"fts-clear\"><\/div><div class=\"fts-jal-fb-message\">Am kommenden Donnerstag startet der Vorverkauf f\u00fcr die 39. Moritzbastei e.V. Fahrradrallye \ud83d\ude03 Hier unser diesj\u00e4hriges Ticketmotiv f\u00fcr euch f\u00fcr mehr Vorfreude!<br \/>\n<br \/>\nDetails zum VVK der <a href=\"https:\/\/www.facebook.com\/hashtag\/Fahrradrallye\" target=\"_blank\" rel=\"noreferrer\">#Fahrradrallye<\/a> in der \u00dcbersicht: <br \/>\n* Der Ticketpreis pro Team betr\u00e4gt dieses Jahr 65\u20ac zzgl. Geb\u00fchren.<br \/>\n* Am 9. April 16.00 bis 20.00Uhr am Ticketshop der Moritzbastei - es ist nur eine begrenzte Print-Ticketzahl vorhanden!<br \/>\n* Der Online-VVK startet zum gleichen Zeitpunkt wie wir im Ticketshop auf Tics for Gigs. Den Link ver\u00f6ffentlichen wir zeitnah.<br \/>\n* Die Ticketnummern sind nicht die Startnummern f\u00fcr das Team am Tag der Fahrradrallye: Diese wird erst am Morgen ausgelost!<br \/>\n* Weitere \u00d6ffnungszeiten des Moritzbastei-Ticketshops: dienstags 10-13.00 Uhr, mittwochs 15-17.00 Uhr.<br \/>\n<br \/>\nNoch erholsame Oster-Feiertage euch allen \ud83c\udf1e\ud83d\ude0e\ud83d\udc07<div class=\"fts-clear\"><\/div><\/div><\/div><div class=\"fts-jal-fb-link-wrap fts-album-photos-wrap\"><a href=\"https:\/\/www.facebook.com\/photo.php?fbid=1271309265104969&#038;set=a.520498513519385&#038;type=3\" target=\"_blank\" rel=\"noreferrer\" class=\"fts-jal-fb-picture\"><img decoding=\"async\" border=\"0\" alt=\"Moritzbastei e.V.\" src=\"https:\/\/scontent-fra3-1.xx.fbcdn.net\/v\/t39.30808-6\/663326603_1271309268438302_4165113179256067207_n.jpg?stp=dst-jpg_p720x720_tt6&#038;_nc_cat=101&#038;ccb=1-7&#038;_nc_sid=13d280&#038;_nc_ohc=yc9b8_HPToQQ7kNvwHrwLQ3&#038;_nc_oc=AdoVXYt-X3mZZ4kmTloxeoyJI2IdHkfRcTmAsrwSGD7DFt9YwZxylFWsQclh7cc-sio&#038;_nc_zt=23&#038;_nc_ht=scontent-fra3-1.xx&#038;edm=AKIiGfEEAAAA&#038;_nc_gid=i2RGshyKmitgVD6F7gQTjw&#038;_nc_tpa=Q5bMBQHuTLD5C0FywMBCrhoCkS_ejkAX919psoEo_VCdBZv-4JhwRLHh5aMY61VYprZw_8e91gu2Amd-3w&#038;oh=00_Af0xKs5Kmp72A12eVdMln5WgoHPJZrIwoN4lqdGcsxFXWQ&#038;oe=69F2D6DE\"\/><\/a><div class=\"slicker-facebook-album-photoshadow\"><\/div><div class=\"fts-jal-fb-description-wrap fts-photo-caption-text\"><div class=\"fts-clear\"><\/div><\/div><div class=\"fts-clear\"><\/div><\/div><div class=\"fts-clear\"><\/div><\/div><div class=\"fts-likes-shares-etc-wrap\"><div class=\"fts-share-wrap\"><a href=\"javascript:;\" class=\"ft-gallery-link-popup\" title=\"Social-Share-Optionen\"><\/a><div class=\"ft-gallery-share-wrap\"><a href=\"https:\/\/www.facebook.com\/sharer\/sharer.php?u=https:\/\/www.facebook.com\/photo.php?fbid=1271309265104969&amp;set=a.520498513519385&amp;type=3\" target=\"_blank\" rel=\"noreferrer\" class=\"ft-galleryfacebook-icon\" title=\"Share this post on Facebook\"><i class=\"fa fa-facebook-square\"><\/i><\/a><a href=\"https:\/\/twitter.com\/intent\/tweet?text=https:\/\/www.facebook.com\/photo.php?fbid=1271309265104969&amp;set=a.520498513519385&amp;type=3+1\" target=\"_blank\" rel=\"noreferrer\" class=\"ft-gallerytwitter-icon\" title=\"Share this post on Twitter\"><i class=\"fa fa-twitter\"><\/i><\/a><a href=\"https:\/\/www.linkedin.com\/shareArticle?mini=true&amp;url=https:\/\/www.facebook.com\/photo.php?fbid=1271309265104969&amp;set=a.520498513519385&amp;type=3\" target=\"_blank\" rel=\"noreferrer\" class=\"ft-gallerylinkedin-icon\" title=\"Share this post on Linkedin\"><i class=\"fa fa-linkedin\"><\/i><\/a><a href=\"mailto:?subject=Shared Link&amp;body=https:\/\/www.facebook.com\/photo.php?fbid=1271309265104969&amp;set=a.520498513519385&amp;type=3 - 1\" target=\"_blank\" rel=\"noreferrer\" class=\"ft-galleryemail-icon\" title=\"Share this post in your email\"><i class=\"fa fa-envelope\"><\/i><\/a><\/div><\/div><a href=\"https:\/\/www.facebook.com\/photo.php?fbid=1271309265104969&#038;set=a.520498513519385&#038;type=3\" target=\"_blank\" rel=\"noreferrer\" class=\"fts-jal-fb-see-more\"><span class=\"fts-count-wrap fts-likes-wrap\"><i class='icon-thumbs-up'><\/i>6<\/span><span class=\"fts-count-wrap fts-comments-wrap\"><\/span><span class=\"fts-count-wrap fts-shares-wrap\"><span class='fts-count-wrap fts-shares-wrap'><i class='icon-file'><\/i>1<\/span><\/span><span class=\"fts-view-on-facebook\">View on Facebook<\/span><\/a><\/div><div class=\"fts-clear\"><\/div><\/div><\/div><div class=\"fts-clear\"><\/div><div id=\"fb-root\"><\/div>\n","protected":false},"excerpt":{"rendered":"","protected":false},"author":1,"featured_media":0,"parent":0,"menu_order":0,"comment_status":"closed","ping_status":"closed","template":"","meta":{"jetpack_post_was_ever_published":false,"footnotes":""},"class_list":["post-5485","page","type-page","status-publish","hentry"],"jetpack_shortlink":"https:\/\/wp.me\/P8ss7N-1qt","jetpack-related-posts":[],"jetpack_sharing_enabled":true,"_links":{"self":[{"href":"https:\/\/www.moritzbastei-ev.org\/wordpress\/wp-json\/wp\/v2\/pages\/5485","targetHints":{"allow":["GET"]}}],"collection":[{"href":"https:\/\/www.moritzbastei-ev.org\/wordpress\/wp-json\/wp\/v2\/pages"}],"about":[{"href":"https:\/\/www.moritzbastei-ev.org\/wordpress\/wp-json\/wp\/v2\/types\/page"}],"author":[{"embeddable":true,"href":"https:\/\/www.moritzbastei-ev.org\/wordpress\/wp-json\/wp\/v2\/users\/1"}],"replies":[{"embeddable":true,"href":"https:\/\/www.moritzbastei-ev.org\/wordpress\/wp-json\/wp\/v2\/comments?post=5485"}],"version-history":[{"count":9,"href":"https:\/\/www.moritzbastei-ev.org\/wordpress\/wp-json\/wp\/v2\/pages\/5485\/revisions"}],"predecessor-version":[{"id":5942,"href":"https:\/\/www.moritzbastei-ev.org\/wordpress\/wp-json\/wp\/v2\/pages\/5485\/revisions\/5942"}],"wp:attachment":[{"href":"https:\/\/www.moritzbastei-ev.org\/wordpress\/wp-json\/wp\/v2\/media?parent=5485"}],"curies":[{"name":"wp","href":"https:\/\/api.w.org\/{rel}","templated":true}]}}